{"id":4958,"date":"2021-10-28T22:10:58","date_gmt":"2021-10-28T20:10:58","guid":{"rendered":"http:\/\/blog.hotze.net\/?page_id=4958"},"modified":"2023-05-01T23:51:48","modified_gmt":"2023-05-01T21:51:48","slug":"lebenslauf","status":"publish","type":"page","link":"https:\/\/blog.hotze.net\/?page_id=4958","title":{"rendered":"Mein Lebenslauf \/ CV Benedikt Hotze"},"content":{"rendered":"<p><b>Kurzvita Benedikt Hotze<\/b><\/p>\n<table border=\"0\" width=\"100%\" cellspacing=\"8\" cellpadding=\"0\">\n<tbody>\n<tr>\n<td class=\"furz\" valign=\"TOP\" width=\"10%\">1964<\/td>\n<td class=\"furz\" valign=\"TOP\" width=\"90%\">geboren in Essen<\/td>\n<\/tr>\n<tr>\n<td class=\"furz\" valign=\"TOP\" width=\"10%\">1983<\/td>\n<td class=\"furz\" valign=\"TOP\" width=\"90%\">Abitur in Hamm \/ Westf. am Gymnasium Hammonense<\/td>\n<\/tr>\n<tr>\n<td class=\"furz\" valign=\"TOP\" width=\"10%\">1984 bis 1993<\/td>\n<td class=\"furz\" valign=\"TOP\" width=\"90%\">Architekturstudium an der TU Braunschweig<br \/>\nEntwurfsseminare u.a. bei Prof. Meinhard v. Gerkan<br \/>\nSeminar Architekturkritik bei Falk Jaeger<br \/>\nStipendiat des &#8222;Cusanuswerks&#8220;<\/td>\n<\/tr>\n<tr>\n<td class=\"furz\" valign=\"TOP\" width=\"10%\">1988 \/ 89<\/td>\n<td class=\"furz\" valign=\"TOP\" width=\"90%\">2 Semester Studium an der Ecole Polytechnique F\u00e9d\u00e9rale in Lausanne, Atelier Prof. Luigi Snozzi<\/td>\n<\/tr>\n<tr>\n<td class=\"furz\" valign=\"TOP\" width=\"10%\">seit 1990<\/td>\n<td class=\"furz\" valign=\"TOP\" width=\"90%\">bereits als Student freiberufliche journalistische T\u00e4tigkeit vom Standort Berlin aus; Ver\u00f6ffentlichungen seitdem in Tageszeitungen und Fachzeitschriften, u.a. in: Tagesspiegel, Neue Zeit, S\u00fcddeutsche Zeitung, Frankfurter Allgemeine Zeitung, Die Zeit; Baumeister, Bauwelt, der architekt (dort bis 1993 als &#8222;Berlin-Korrespondent&#8220;); Jahrb\u00fccher der Architektenkammern Berlin und Hamburg und des Deutschen Architekturmuseums DAM<\/td>\n<\/tr>\n<tr>\n<td class=\"furz\" valign=\"TOP\" width=\"10%\" height=\"13\">1993<\/td>\n<td class=\"furz\" valign=\"TOP\" width=\"90%\" height=\"13\">Diplom TU Braunschweig<\/td>\n<\/tr>\n<tr>\n<td class=\"furz\" valign=\"TOP\" width=\"10%\">seit 1993<\/td>\n<td class=\"furz\" valign=\"TOP\" width=\"90%\">Architekturfotografie, seitdem Ver\u00f6ffentlichung von eigenen Fotos in verschiedenen Print- und Online-Medien<\/td>\n<\/tr>\n<tr>\n<td class=\"furz\" valign=\"TOP\" width=\"10%\">1993 bis 1996<\/td>\n<td class=\"furz\" valign=\"TOP\" width=\"90%\">Redakteur der Architektur-Fachzeitschrift <a href=\"http:\/\/www.bauwelt.de\">Bauwelt<\/a> in Berlin<\/td>\n<\/tr>\n<tr>\n<td class=\"furz\" valign=\"TOP\" width=\"10%\">1996 bis 2014<\/td>\n<td class=\"furz\" valign=\"TOP\" width=\"90%\">Aufbau und Leitung der Redaktion des neu gegr\u00fcndeten Architektur-Portals <a href=\"http:\/\/www.BauNetz.de\">BauNetz<\/a> als Chefredakteur.<br \/>\nAu\u00dferdem freiberuflicher Architekturkritiker und Fotograf; diverse Buch-, Zeitungs- und Zeitschriftenpublikationen, Jurybeteiligungen, Kongressvortr\u00e4ge, Exkursionsf\u00fchrungen<\/td>\n<\/tr>\n<tr>\n<td class=\"furz\" valign=\"TOP\" width=\"10%\" height=\"37\">2006<\/td>\n<td class=\"furz\" valign=\"TOP\" width=\"90%\" height=\"37\">Lehrauftrag &#8222;Online Publishing&#8220; am postgraduierten Masterstudiengang &#8222;<a href=\"http:\/\/www.hochschule-bochum.de\/fba\/studium\/master-architektur-media-management.html\">Architektur Media Management<\/a>&#8220; an der Hochschule Bochum<br \/>\nLehrauftrag &#8222;Verbale Vermittlung&#8220; am postgraduierten Masterstudiengang &#8222;Architekturvermittlung&#8220; der TU Cottbus<\/td>\n<\/tr>\n<tr>\n<td class=\"furz\" valign=\"TOP\" width=\"10%\" height=\"18\">2007<\/td>\n<td class=\"furz\" valign=\"TOP\" width=\"90%\" height=\"18\">Lehrauftrag &#8222;Verbale Vermittlung&#8220; am postgraduierten Masterstudiengang &#8222;Architekturvermittlung&#8220; der TU Cottbus<\/td>\n<\/tr>\n<tr>\n<td class=\"furz\" valign=\"TOP\" width=\"10%\" height=\"18\">2008<\/td>\n<td class=\"furz\" valign=\"TOP\" width=\"90%\" height=\"18\">Lehrauftrag &#8222;Fr\u00fchjahrsschule Architektur Schreiben&#8220; an der TU Cottbus<\/td>\n<\/tr>\n<tr>\n<td class=\"furz\" valign=\"TOP\" width=\"10%\" height=\"20\">2009<\/td>\n<td class=\"furz\" valign=\"TOP\" width=\"90%\" height=\"20\">Lehrauftrag &#8222;Verbale Vermittlung&#8220; am postgraduierten Masterstudiengang &#8222;Architekturvermittlung&#8220; der TU Cottbus<\/td>\n<\/tr>\n<tr>\n<td class=\"furz\" valign=\"TOP\" height=\"20\">seit 2009<\/td>\n<td class=\"furz\" valign=\"TOP\" height=\"20\">Weblog <a href=\"https:\/\/blog.hotze.net\">blog.hotze.net<\/a> zu Architektur, Literatur, Alltag und Genuss<\/td>\n<\/tr>\n<tr>\n<td class=\"furz\" valign=\"TOP\" height=\"20\">seit 2015<\/td>\n<td class=\"furz\" valign=\"TOP\" height=\"20\">Referent f\u00fcr Presse und Kommunikation beim <a href=\"http:\/\/www.bda-bund.de\" target=\"_new\" rel=\"noopener\">Bund Deutscher Architektinnen und Architekten BDA <\/a> (Bundesgesch\u00e4ftsstelle) in Berlin<\/td>\n<\/tr>\n<\/tbody>\n<\/table>\n<p><a href=\"https:\/\/blog.hotze.net\/?p=4669\">Liebe Mutter: Meine kleine berufliche Autobiografie<\/a><\/p>\n","protected":false},"excerpt":{"rendered":"<p>Kurzvita Benedikt Hotze 1964 geboren in Essen 1983 Abitur in Hamm \/ Westf. am Gymnasium Hammonense 1984 bis 1993 Architekturstudium an der TU Braunschweig Entwurfsseminare u.a. bei Prof. Meinhard v. Gerkan Seminar Architekturkritik bei Falk Jaeger Stipendiat des &#8222;Cusanuswerks&#8220; 1988 \/ 89 2 Semester Studium an der Ecole Polytechnique F\u00e9d\u00e9rale in Lausanne, Atelier Prof. Luigi [&hellip;]<\/p>\n","protected":false},"author":1,"featured_media":0,"parent":0,"menu_order":0,"comment_status":"closed","ping_status":"closed","template":"","meta":{"footnotes":""},"class_list":["post-4958","page","type-page","status-publish","hentry"],"_links":{"self":[{"href":"https:\/\/blog.hotze.net\/index.php?rest_route=\/wp\/v2\/pages\/4958","targetHints":{"allow":["GET"]}}],"collection":[{"href":"https:\/\/blog.hotze.net\/index.php?rest_route=\/wp\/v2\/pages"}],"about":[{"href":"https:\/\/blog.hotze.net\/index.php?rest_route=\/wp\/v2\/types\/page"}],"author":[{"embeddable":true,"href":"https:\/\/blog.hotze.net\/index.php?rest_route=\/wp\/v2\/users\/1"}],"replies":[{"embeddable":true,"href":"https:\/\/blog.hotze.net\/index.php?rest_route=%2Fwp%2Fv2%2Fcomments&post=4958"}],"version-history":[{"count":9,"href":"https:\/\/blog.hotze.net\/index.php?rest_route=\/wp\/v2\/pages\/4958\/revisions"}],"predecessor-version":[{"id":5994,"href":"https:\/\/blog.hotze.net\/index.php?rest_route=\/wp\/v2\/pages\/4958\/revisions\/5994"}],"wp:attachment":[{"href":"https:\/\/blog.hotze.net\/index.php?rest_route=%2Fwp%2Fv2%2Fmedia&parent=4958"}],"curies":[{"name":"wp","href":"https:\/\/api.w.org\/{rel}","templated":true}]}}